{"id":551,"date":"2020-10-28T11:38:14","date_gmt":"2020-10-28T10:38:14","guid":{"rendered":"http:\/\/lesbullesdelabaie.com\/belvedaire\/?page_id=551"},"modified":"2025-03-05T08:53:54","modified_gmt":"2025-03-05T07:53:54","slug":"le-gite-le-belvedaire","status":"publish","type":"page","link":"https:\/\/lesbullesdelabaie.com\/saintrevert\/le-gite-le-belvedaire\/","title":{"rendered":"Le g\u00eete \u00ab\u00a0Le Saint Revert\u00a0\u00bb"},"content":{"rendered":"\n<p>\u00ab\u00a0Le Saint Revert\u00a0\u00bb est un g\u00eete enti\u00e8rement r\u00e9nov\u00e9 avec une d\u00e9coration soign\u00e9e pour 4 personnes. Ce petit cocon, avec pierres apparentes, pleins de charme est situ\u00e9 \u00e0 10 km du Mont Saint Michel.<\/p>\n\n\n\n<p><strong><span style=\"text-decoration: underline;\">Vous trouverez au rez-de-chauss\u00e9e :<\/span><\/strong><\/p>\n\n\n\n<ul class=\"wp-block-list\"><li>une pi\u00e8ce de vie avec cuisine \u00e9quip\u00e9e comprenant :<ul><li>un r\u00e9frig\u00e9rateur avec petit compartiment cong\u00e9lation<\/li><li>une plaque induction<\/li><li>un four traditionnel<\/li><li>un four micro-onde<\/li><li>un lave-vaisselle<\/li><li>une cafeti\u00e8re Senseo<\/li><li>une cafeti\u00e8re traditionnelle<\/li><\/ul><\/li><li>un coin salon<\/li><li>un espace bien \u00eatre avec :<ul><li>une douche \u00e0 l&rsquo;italienne<\/li><li>un v\u00e9ritable jacuzzi privatif 5 places en acc\u00e8s illimit\u00e9<\/li><li>des WC<\/li><\/ul><\/li><\/ul>\n\n\n\n<p><strong><span style=\"text-decoration: underline;\">&nbsp;A l&rsquo;\u00e9tage, vous trouverez :<\/span><\/strong><\/p>\n\n\n\n<ul class=\"wp-block-list\"><li>2 chambres avec chacune un lit King Size (180&#215;200 cm)<\/li><li>un espace lecture avec un fauteuil confortable pour vous d\u00e9tendre<\/li><li>une salle de bain avec douche et meuble vasque<\/li><\/ul>\n\n\n\n<p><strong><span style=\"text-decoration: underline;\">A l&rsquo;ext\u00e9rieur :<\/span><\/strong><\/p>\n\n\n\n<ul class=\"wp-block-list\"><li>un jardin privatif vous attend avec un espace repas ainsi que des transats pour profiter du soleil<\/li><li>un espace commun avec terrain de p\u00e9tanque et barbecue<\/li><li>une table de ping-pong Cornilleau<\/li><li>une place de parking couverte pour vous stationner<\/li><li>une cam\u00e9ra de surveillance ext\u00e9rieure<\/li><li>g\u00eete non-fumeur<\/li><li>animaux non admis<\/li><\/ul>\n\n\n\nngg_shortcode_0_placeholder\n","protected":false},"excerpt":{"rendered":"<p>\u00ab\u00a0Le Saint Revert\u00a0\u00bb est un g\u00eete enti\u00e8rement r\u00e9nov\u00e9 avec une d\u00e9coration soign\u00e9e pour 4 personnes. Ce petit cocon, avec pierres apparentes, pleins de charme est situ\u00e9 \u00e0 10 km du Mont Saint Michel. Vous trouverez au rez-de-chauss\u00e9e : une pi\u00e8ce de vie avec cuisine \u00e9quip\u00e9e comprenant : un r\u00e9frig\u00e9rateur avec petit compartiment cong\u00e9lation une plaque [&hellip;]<\/p>\n","protected":false},"author":1,"featured_media":0,"parent":0,"menu_order":0,"comment_status":"closed","ping_status":"closed","template":"","meta":{"ngg_post_thumbnail":0,"footnotes":""},"class_list":["post-551","page","type-page","status-publish","hentry"],"_links":{"self":[{"href":"https:\/\/lesbullesdelabaie.com\/saintrevert\/wp-json\/wp\/v2\/pages\/551","targetHints":{"allow":["GET"]}}],"collection":[{"href":"https:\/\/lesbullesdelabaie.com\/saintrevert\/wp-json\/wp\/v2\/pages"}],"about":[{"href":"https:\/\/lesbullesdelabaie.com\/saintrevert\/wp-json\/wp\/v2\/types\/page"}],"author":[{"embeddable":true,"href":"https:\/\/lesbullesdelabaie.com\/saintrevert\/wp-json\/wp\/v2\/users\/1"}],"replies":[{"embeddable":true,"href":"https:\/\/lesbullesdelabaie.com\/saintrevert\/wp-json\/wp\/v2\/comments?post=551"}],"version-history":[{"count":15,"href":"https:\/\/lesbullesdelabaie.com\/saintrevert\/wp-json\/wp\/v2\/pages\/551\/revisions"}],"predecessor-version":[{"id":951,"href":"https:\/\/lesbullesdelabaie.com\/saintrevert\/wp-json\/wp\/v2\/pages\/551\/revisions\/951"}],"wp:attachment":[{"href":"https:\/\/lesbullesdelabaie.com\/saintrevert\/wp-json\/wp\/v2\/media?parent=551"}],"curies":[{"name":"wp","href":"https:\/\/api.w.org\/{rel}","templated":true}]}}